{"id":150,"date":"2024-02-07T11:19:55","date_gmt":"2024-02-07T10:19:55","guid":{"rendered":"http:\/\/www.lescomediensdelagenetouze.fr\/?page_id=150"},"modified":"2026-03-23T10:48:46","modified_gmt":"2026-03-23T09:48:46","slug":"lecole-de-theatre","status":"publish","type":"page","link":"https:\/\/www.lescomediensdelagenetouze.fr\/index.php\/lecole-de-theatre\/","title":{"rendered":"Atelier Th\u00e9\u00e2tre Enfants et Festival"},"content":{"rendered":"\n<blockquote class=\"wp-block-quote is-layout-flow wp-block-quote-is-layout-flow\">\n<p>C\u2019est reparti depuis octobre 2022 !<\/p>\n<\/blockquote>\n\n\n\n<p>La commune de la Gen\u00e9touze, le Collectif Mordicus et la troupe des Com\u00e9diens de la Gen\u00e9touze proposent un atelier th\u00e9\u00e2tre \u00e0 destination des jeunes entre 8 et 13 ans.<\/p>\n\n\n\n<p>Les objectifs&nbsp;:<\/p>\n\n\n\n<ul class=\"wp-block-list\">\n<li>Se familiariser avec les fondamentaux de la pratique th\u00e9\u00e2trale (l\u2019\u00e9coute de soi et des autres, la concentration, l\u2019engagement, la disponibilit\u00e9, la pr\u00e9sence \u00e0 soi et aux autres).<\/li>\n\n\n\n<li>Mettre en jeu le corps, la voix, l\u2019\u00e9motion au service d\u2019un personnage.<\/li>\n\n\n\n<li>Cr\u00e9er une forme th\u00e9\u00e2trale courte pr\u00e9sent\u00e9e lors du <strong><mark style=\"background-color:rgba(0, 0, 0, 0)\" class=\"has-inline-color has-vivid-cyan-blue-color\">Festival \u00ab\u00a0Les P&rsquo;tits Joueurs\u00a0\u00bb<\/mark><mark style=\"background-color:rgba(0, 0, 0, 0)\" class=\"has-inline-color has-pale-pink-color\"> <\/mark><mark style=\"background-color:rgba(0, 0, 0, 0)\" class=\"has-inline-color has-vivid-cyan-blue-color\">le&nbsp;samedi 6 et dimanche 7 juin 2026<\/mark><\/strong>&nbsp;et \u00e0 l\u2019occasion d\u2019une soir\u00e9e publique au th\u00e9\u00e2tre des Arts \u00e0 la Gen\u00e9touze <strong><mark style=\"background-color:rgba(0, 0, 0, 0)\" class=\"has-inline-color has-vivid-cyan-blue-color\">le vendredi 19 juin 2026.<\/mark><\/strong><\/li>\n<\/ul>\n\n\n\n<p class=\"has-text-align-center\">Le 10 septembre dernier, ce sont 2 ateliers th\u00e9\u00e2tre qui ont vu le jour, r\u00e9unissant 20 jeunes. Ces ateliers sont encadr\u00e9s par Nad\u00e8ge TARD et Isabelle TESSON, com\u00e9diennes\/metteures en sc\u00e8ne professionnelles du Collectif Mordicus, et co-anim\u00e9s avec Cl\u00e9mence TRICHET une com\u00e9dienne de la troupe amateur des Com\u00e9diens de la Gen\u00e9touze.<\/p>\n\n\n\n<figure class=\"wp-block-gallery has-nested-images columns-default is-cropped wp-block-gallery-1 is-layout-flex wp-block-gallery-is-layout-flex\">\n<figure class=\"wp-block-image size-large\"><img loading=\"lazy\" decoding=\"async\" width=\"768\" height=\"1024\" data-id=\"1021\" src=\"https:\/\/www.lescomediensdelagenetouze.fr\/wp-content\/uploads\/2025\/11\/IMG_8234-1-768x1024.jpeg\" alt=\"\" class=\"wp-image-1021\" srcset=\"https:\/\/www.lescomediensdelagenetouze.fr\/wp-content\/uploads\/2025\/11\/IMG_8234-1-768x1024.jpeg 768w, https:\/\/www.lescomediensdelagenetouze.fr\/wp-content\/uploads\/2025\/11\/IMG_8234-1-225x300.jpeg 225w, https:\/\/www.lescomediensdelagenetouze.fr\/wp-content\/uploads\/2025\/11\/IMG_8234-1-1152x1536.jpeg 1152w, https:\/\/www.lescomediensdelagenetouze.fr\/wp-content\/uploads\/2025\/11\/IMG_8234-1-1536x2048.jpeg 1536w, https:\/\/www.lescomediensdelagenetouze.fr\/wp-content\/uploads\/2025\/11\/IMG_8234-1-scaled.jpeg 1920w\" sizes=\"auto, (max-width: 768px) 100vw, 768px\" \/><\/figure>\n\n\n\n<figure class=\"wp-block-image size-large\"><img loading=\"lazy\" decoding=\"async\" width=\"768\" height=\"1024\" data-id=\"1022\" src=\"https:\/\/www.lescomediensdelagenetouze.fr\/wp-content\/uploads\/2025\/11\/IMG_8237-1-768x1024.jpeg\" alt=\"\" class=\"wp-image-1022\" srcset=\"https:\/\/www.lescomediensdelagenetouze.fr\/wp-content\/uploads\/2025\/11\/IMG_8237-1-768x1024.jpeg 768w, https:\/\/www.lescomediensdelagenetouze.fr\/wp-content\/uploads\/2025\/11\/IMG_8237-1-225x300.jpeg 225w, https:\/\/www.lescomediensdelagenetouze.fr\/wp-content\/uploads\/2025\/11\/IMG_8237-1-1152x1536.jpeg 1152w, https:\/\/www.lescomediensdelagenetouze.fr\/wp-content\/uploads\/2025\/11\/IMG_8237-1-1536x2048.jpeg 1536w, https:\/\/www.lescomediensdelagenetouze.fr\/wp-content\/uploads\/2025\/11\/IMG_8237-1-scaled.jpeg 1920w\" sizes=\"auto, (max-width: 768px) 100vw, 768px\" \/><\/figure>\n\n\n\n<figure class=\"wp-block-image size-large\"><img loading=\"lazy\" decoding=\"async\" width=\"768\" height=\"1024\" data-id=\"1023\" src=\"https:\/\/www.lescomediensdelagenetouze.fr\/wp-content\/uploads\/2025\/11\/IMG_8240-1-768x1024.jpeg\" alt=\"\" class=\"wp-image-1023\" srcset=\"https:\/\/www.lescomediensdelagenetouze.fr\/wp-content\/uploads\/2025\/11\/IMG_8240-1-768x1024.jpeg 768w, https:\/\/www.lescomediensdelagenetouze.fr\/wp-content\/uploads\/2025\/11\/IMG_8240-1-225x300.jpeg 225w, https:\/\/www.lescomediensdelagenetouze.fr\/wp-content\/uploads\/2025\/11\/IMG_8240-1-1152x1536.jpeg 1152w, https:\/\/www.lescomediensdelagenetouze.fr\/wp-content\/uploads\/2025\/11\/IMG_8240-1-1536x2048.jpeg 1536w, https:\/\/www.lescomediensdelagenetouze.fr\/wp-content\/uploads\/2025\/11\/IMG_8240-1-scaled.jpeg 1920w\" sizes=\"auto, (max-width: 768px) 100vw, 768px\" \/><\/figure>\n\n\n\n<figure class=\"wp-block-image size-large\"><img loading=\"lazy\" decoding=\"async\" width=\"768\" height=\"1024\" data-id=\"1024\" src=\"https:\/\/www.lescomediensdelagenetouze.fr\/wp-content\/uploads\/2025\/11\/IMG_8249-1-768x1024.jpeg\" alt=\"\" class=\"wp-image-1024\" srcset=\"https:\/\/www.lescomediensdelagenetouze.fr\/wp-content\/uploads\/2025\/11\/IMG_8249-1-768x1024.jpeg 768w, https:\/\/www.lescomediensdelagenetouze.fr\/wp-content\/uploads\/2025\/11\/IMG_8249-1-225x300.jpeg 225w, https:\/\/www.lescomediensdelagenetouze.fr\/wp-content\/uploads\/2025\/11\/IMG_8249-1-1152x1536.jpeg 1152w, https:\/\/www.lescomediensdelagenetouze.fr\/wp-content\/uploads\/2025\/11\/IMG_8249-1-1536x2048.jpeg 1536w, https:\/\/www.lescomediensdelagenetouze.fr\/wp-content\/uploads\/2025\/11\/IMG_8249-1-scaled.jpeg 1920w\" sizes=\"auto, (max-width: 768px) 100vw, 768px\" \/><\/figure>\n\n\n\n<figure class=\"wp-block-image size-large\"><img loading=\"lazy\" decoding=\"async\" width=\"768\" height=\"1024\" data-id=\"1025\" src=\"https:\/\/www.lescomediensdelagenetouze.fr\/wp-content\/uploads\/2025\/11\/IMG_8255-1-768x1024.jpeg\" alt=\"\" class=\"wp-image-1025\" srcset=\"https:\/\/www.lescomediensdelagenetouze.fr\/wp-content\/uploads\/2025\/11\/IMG_8255-1-768x1024.jpeg 768w, https:\/\/www.lescomediensdelagenetouze.fr\/wp-content\/uploads\/2025\/11\/IMG_8255-1-225x300.jpeg 225w, https:\/\/www.lescomediensdelagenetouze.fr\/wp-content\/uploads\/2025\/11\/IMG_8255-1-1152x1536.jpeg 1152w, https:\/\/www.lescomediensdelagenetouze.fr\/wp-content\/uploads\/2025\/11\/IMG_8255-1-1536x2048.jpeg 1536w, https:\/\/www.lescomediensdelagenetouze.fr\/wp-content\/uploads\/2025\/11\/IMG_8255-1-scaled.jpeg 1920w\" sizes=\"auto, (max-width: 768px) 100vw, 768px\" \/><\/figure>\n<\/figure>\n\n\n\n<h2 class=\"wp-block-heading has-text-align-center\">R\u00c9TROSPECTIVE 2025<\/h2>\n\n\n\n<p class=\"has-text-align-center\">Dans le cadre de l&rsquo;atelier th\u00e9\u00e2tre, nous aimons enrichir l&rsquo;exp\u00e9rience des enfants en leur proposant des sorties culturelles. Le 29 janvier 2025, ils ont eu la chance de d\u00e9couvrir le&nbsp;<strong>Grand R<\/strong>, la sc\u00e8ne nationale de La Roche-sur-Yon. Cette visite immersive leur a permis d\u2019explorer les coulisses d\u2019un grand th\u00e9\u00e2tre, de fouler la sc\u00e8ne, de d\u00e9couvrir les loges et de se familiariser avec le vocabulaire technique du monde du spectacle. Un moment fascinant et enrichissant, \u00e9veillant leur curiosit\u00e9 et nourrissant leur passion pour les arts vivants !<\/p>\n\n\n\n<figure class=\"wp-block-gallery has-nested-images columns-default is-cropped wp-block-gallery-2 is-layout-flex wp-block-gallery-is-layout-flex\">\n<figure class=\"wp-block-image size-large\"><img loading=\"lazy\" decoding=\"async\" width=\"1024\" height=\"768\" data-id=\"750\" src=\"https:\/\/www.lescomediensdelagenetouze.fr\/wp-content\/uploads\/2025\/02\/IMG_7038-1024x768.jpeg\" alt=\"\" class=\"wp-image-750\" srcset=\"https:\/\/www.lescomediensdelagenetouze.fr\/wp-content\/uploads\/2025\/02\/IMG_7038-1024x768.jpeg 1024w, https:\/\/www.lescomediensdelagenetouze.fr\/wp-content\/uploads\/2025\/02\/IMG_7038-300x225.jpeg 300w, https:\/\/www.lescomediensdelagenetouze.fr\/wp-content\/uploads\/2025\/02\/IMG_7038-768x576.jpeg 768w, https:\/\/www.lescomediensdelagenetouze.fr\/wp-content\/uploads\/2025\/02\/IMG_7038-1536x1152.jpeg 1536w, https:\/\/www.lescomediensdelagenetouze.fr\/wp-content\/uploads\/2025\/02\/IMG_7038-2048x1536.jpeg 2048w\" sizes=\"auto, (max-width: 1024px) 100vw, 1024px\" \/><\/figure>\n\n\n\n<figure class=\"wp-block-image size-large\"><img loading=\"lazy\" decoding=\"async\" width=\"768\" height=\"1024\" data-id=\"751\" src=\"https:\/\/www.lescomediensdelagenetouze.fr\/wp-content\/uploads\/2025\/02\/IMG_7039-768x1024.jpeg\" alt=\"\" class=\"wp-image-751\" srcset=\"https:\/\/www.lescomediensdelagenetouze.fr\/wp-content\/uploads\/2025\/02\/IMG_7039-768x1024.jpeg 768w, https:\/\/www.lescomediensdelagenetouze.fr\/wp-content\/uploads\/2025\/02\/IMG_7039-225x300.jpeg 225w, https:\/\/www.lescomediensdelagenetouze.fr\/wp-content\/uploads\/2025\/02\/IMG_7039-1152x1536.jpeg 1152w, https:\/\/www.lescomediensdelagenetouze.fr\/wp-content\/uploads\/2025\/02\/IMG_7039-1536x2048.jpeg 1536w, https:\/\/www.lescomediensdelagenetouze.fr\/wp-content\/uploads\/2025\/02\/IMG_7039-scaled.jpeg 1920w\" sizes=\"auto, (max-width: 768px) 100vw, 768px\" \/><\/figure>\n\n\n\n<figure class=\"wp-block-image size-large\"><img loading=\"lazy\" decoding=\"async\" width=\"768\" height=\"1024\" data-id=\"752\" src=\"https:\/\/www.lescomediensdelagenetouze.fr\/wp-content\/uploads\/2025\/02\/IMG_7041-768x1024.jpeg\" alt=\"\" class=\"wp-image-752\" srcset=\"https:\/\/www.lescomediensdelagenetouze.fr\/wp-content\/uploads\/2025\/02\/IMG_7041-768x1024.jpeg 768w, https:\/\/www.lescomediensdelagenetouze.fr\/wp-content\/uploads\/2025\/02\/IMG_7041-225x300.jpeg 225w, https:\/\/www.lescomediensdelagenetouze.fr\/wp-content\/uploads\/2025\/02\/IMG_7041-1152x1536.jpeg 1152w, https:\/\/www.lescomediensdelagenetouze.fr\/wp-content\/uploads\/2025\/02\/IMG_7041-1536x2048.jpeg 1536w, https:\/\/www.lescomediensdelagenetouze.fr\/wp-content\/uploads\/2025\/02\/IMG_7041-scaled.jpeg 1920w\" sizes=\"auto, (max-width: 768px) 100vw, 768px\" \/><\/figure>\n\n\n\n<figure class=\"wp-block-image size-large\"><img loading=\"lazy\" decoding=\"async\" width=\"1024\" height=\"768\" data-id=\"753\" src=\"https:\/\/www.lescomediensdelagenetouze.fr\/wp-content\/uploads\/2025\/02\/IMG_7042-1024x768.jpeg\" alt=\"\" class=\"wp-image-753\" srcset=\"https:\/\/www.lescomediensdelagenetouze.fr\/wp-content\/uploads\/2025\/02\/IMG_7042-1024x768.jpeg 1024w, https:\/\/www.lescomediensdelagenetouze.fr\/wp-content\/uploads\/2025\/02\/IMG_7042-300x225.jpeg 300w, https:\/\/www.lescomediensdelagenetouze.fr\/wp-content\/uploads\/2025\/02\/IMG_7042-768x576.jpeg 768w, https:\/\/www.lescomediensdelagenetouze.fr\/wp-content\/uploads\/2025\/02\/IMG_7042-1536x1152.jpeg 1536w, https:\/\/www.lescomediensdelagenetouze.fr\/wp-content\/uploads\/2025\/02\/IMG_7042-2048x1536.jpeg 2048w\" sizes=\"auto, (max-width: 1024px) 100vw, 1024px\" \/><\/figure>\n\n\n\n<figure class=\"wp-block-image size-large\"><img loading=\"lazy\" decoding=\"async\" width=\"1024\" height=\"768\" data-id=\"755\" src=\"https:\/\/www.lescomediensdelagenetouze.fr\/wp-content\/uploads\/2025\/02\/IMG_7045-1024x768.jpeg\" alt=\"\" class=\"wp-image-755\" srcset=\"https:\/\/www.lescomediensdelagenetouze.fr\/wp-content\/uploads\/2025\/02\/IMG_7045-1024x768.jpeg 1024w, https:\/\/www.lescomediensdelagenetouze.fr\/wp-content\/uploads\/2025\/02\/IMG_7045-300x225.jpeg 300w, https:\/\/www.lescomediensdelagenetouze.fr\/wp-content\/uploads\/2025\/02\/IMG_7045-768x576.jpeg 768w, https:\/\/www.lescomediensdelagenetouze.fr\/wp-content\/uploads\/2025\/02\/IMG_7045-1536x1152.jpeg 1536w, https:\/\/www.lescomediensdelagenetouze.fr\/wp-content\/uploads\/2025\/02\/IMG_7045-2048x1536.jpeg 2048w\" sizes=\"auto, (max-width: 1024px) 100vw, 1024px\" \/><\/figure>\n\n\n\n<figure class=\"wp-block-image size-large\"><img loading=\"lazy\" decoding=\"async\" width=\"768\" height=\"1024\" data-id=\"754\" src=\"https:\/\/www.lescomediensdelagenetouze.fr\/wp-content\/uploads\/2025\/02\/IMG_7044-768x1024.jpeg\" alt=\"\" class=\"wp-image-754\" srcset=\"https:\/\/www.lescomediensdelagenetouze.fr\/wp-content\/uploads\/2025\/02\/IMG_7044-768x1024.jpeg 768w, https:\/\/www.lescomediensdelagenetouze.fr\/wp-content\/uploads\/2025\/02\/IMG_7044-225x300.jpeg 225w, https:\/\/www.lescomediensdelagenetouze.fr\/wp-content\/uploads\/2025\/02\/IMG_7044-1152x1536.jpeg 1152w, https:\/\/www.lescomediensdelagenetouze.fr\/wp-content\/uploads\/2025\/02\/IMG_7044-1536x2048.jpeg 1536w, https:\/\/www.lescomediensdelagenetouze.fr\/wp-content\/uploads\/2025\/02\/IMG_7044-scaled.jpeg 1920w\" sizes=\"auto, (max-width: 768px) 100vw, 768px\" \/><\/figure>\n<\/figure>\n\n\n\n<h2 class=\"wp-block-heading has-text-align-center\">Le Festival<br>\u00ab\u00a0Les P&rsquo;tits Joueurs\u00a0\u00bb<\/h2>\n\n\n\n<p>Il rena\u00eet apr\u00e8s des ann\u00e9es de sommeil !<\/p>\n\n\n\n<p>Ce festival porte une belle histoire. Une troupe implant\u00e9e dans le th\u00e9\u00e2tre de la commune depuis 1902 et une <strong>\u00e9cole de th\u00e9\u00e2tre ayant son propre festival<\/strong> dans les ann\u00e9es 90-2000 c&rsquo;est pourquoi la commune et les Com\u00e9diens de la Gen\u00e9touze s&rsquo;allient au Collectif Mordicus pour faire revivre ce festival ax\u00e9 sur les enfants et le partage entre eux.<\/p>\n\n\n<div class=\"wp-block-image\">\n<figure class=\"aligncenter size-large is-resized\"><img loading=\"lazy\" decoding=\"async\" width=\"1024\" height=\"680\" src=\"https:\/\/www.lescomediensdelagenetouze.fr\/wp-content\/uploads\/2025\/04\/Logo_lesptitsjoueurs_lagenetouze\u00a9DR-1024x680.png\" alt=\"\" class=\"wp-image-908\" style=\"width:379px;height:auto\" srcset=\"https:\/\/www.lescomediensdelagenetouze.fr\/wp-content\/uploads\/2025\/04\/Logo_lesptitsjoueurs_lagenetouze\u00a9DR-1024x680.png 1024w, https:\/\/www.lescomediensdelagenetouze.fr\/wp-content\/uploads\/2025\/04\/Logo_lesptitsjoueurs_lagenetouze\u00a9DR-300x199.png 300w, https:\/\/www.lescomediensdelagenetouze.fr\/wp-content\/uploads\/2025\/04\/Logo_lesptitsjoueurs_lagenetouze\u00a9DR-768x510.png 768w, https:\/\/www.lescomediensdelagenetouze.fr\/wp-content\/uploads\/2025\/04\/Logo_lesptitsjoueurs_lagenetouze\u00a9DR-450x300.png 450w, https:\/\/www.lescomediensdelagenetouze.fr\/wp-content\/uploads\/2025\/04\/Logo_lesptitsjoueurs_lagenetouze\u00a9DR.png 1226w\" sizes=\"auto, (max-width: 1024px) 100vw, 1024px\" \/><\/figure>\n<\/div>\n\n\n<p><\/p>\n\n\n\n<p>Pour sa 3\u00e8me \u00e9dition, le Festival EnfanTh\u00e9\u00e2tre change de nom et devient <strong><mark style=\"background-color:rgba(0, 0, 0, 0)\" class=\"has-inline-color has-vivid-cyan-blue-color\">Le Festival \u00ab\u00a0Les P&rsquo;tits Joueurs\u00a0\u00bb<\/mark><\/strong>. Cette ann\u00e9e, il se tiendra <strong><mark style=\"background-color:rgba(0, 0, 0, 0)\" class=\"has-inline-color has-vivid-cyan-blue-color\">les samedi 6 et dimanche 7 juin 2026<\/mark><\/strong> au <strong>Th\u00e9\u00e2tre des Arts \u00e0 La Gen\u00e9touze<\/strong>. Ce festival est destin\u00e9 \u00e0 des troupes d\u2019enfants et de jeunes \u00e2g\u00e9s de <strong>8 \u00e0 16 ans<\/strong>.<\/p>\n\n\n\n<h4 class=\"wp-block-heading\">Quelques principes auxquels nous sommes attach\u00e9s :<\/h4>\n\n\n\n<ul class=\"wp-block-list\">\n<li>Le Festival est avant tout une <strong>f\u00eate<\/strong>. C\u2019est un moment de <strong>partage, d\u2019\u00e9changes et d\u2019apprentissages<\/strong>. Il est donc indispensable que les troupes soient pr\u00e9sentes <strong>tout au long de la rencontre<\/strong>.<\/li>\n<\/ul>\n\n\n\n<blockquote class=\"wp-block-quote is-layout-flow wp-block-quote-is-layout-flow\">\n<p>\u00ab De la n\u00e9cessit\u00e9 d\u2019\u00eatre acteur, mais \u00e9galement spectateur ! \u00bb<\/p>\n<\/blockquote>\n\n\n\n<ul class=\"wp-block-list\">\n<li>La dur\u00e9e de chaque pr\u00e9sentation ne devra pas exc\u00e9der <strong>30 minutes<\/strong>. Il est toutefois possible de pr\u00e9senter des extraits afin de respecter cette contrainte.<\/li>\n<\/ul>\n\n\n\n<ul class=\"wp-block-list\">\n<li>Chaque pr\u00e9sentation sera suivie d\u2019un <strong>bord de sc\u00e8ne<\/strong>. Ce moment privil\u00e9gi\u00e9 permet de favoriser l\u2019\u00e9change et d\u2019encourager <strong>le d\u00e9veloppement du regard critique des apprentis com\u00e9diens<\/strong>. Les acteurs pourront parler de leur travail, expliquer leurs choix et partager leurs ressentis sur leur jeu. Le public, de son c\u00f4t\u00e9, aura l\u2019opportunit\u00e9 d\u2019exprimer ses impressions et son exp\u00e9rience.<\/li>\n<\/ul>\n\n\n\n<p>Pour cette 4\u00e8me \u00e9dition, nous aimerions favoriser la pr\u00e9sentation de <strong>textes d\u2019auteurs Jeune public<\/strong>, sans pour autant exclure les <strong>cr\u00e9ations originales<\/strong>, selon les propositions soumises.<\/p>\n\n\n\n<p class=\"has-text-align-center\"><mark style=\"background-color:rgba(0, 0, 0, 0)\" class=\"has-inline-color has-vivid-red-color\"><strong>En attente de la programmation 2026<\/strong><br>&#8230;<\/mark><\/p>\n\n\n\n<p><\/p>\n","protected":false},"excerpt":{"rendered":"<p>C\u2019est reparti depuis octobre 2022 ! La commune de la Gen\u00e9touze, le Collectif Mordicus et la troupe des Com\u00e9diens de la Gen\u00e9touze proposent un atelier th\u00e9\u00e2tre \u00e0 destination des jeunes entre 8 et 13 ans. Les objectifs&nbsp;: Le 10 septembre dernier, ce sont 2 ateliers th\u00e9\u00e2tre qui ont vu le jour, r\u00e9unissant 20 jeunes. Ces &hellip; <\/p>\n","protected":false},"author":1,"featured_media":0,"parent":0,"menu_order":0,"comment_status":"closed","ping_status":"closed","template":"","meta":{"footnotes":""},"class_list":["post-150","page","type-page","status-publish","hentry"],"_links":{"self":[{"href":"https:\/\/www.lescomediensdelagenetouze.fr\/index.php\/wp-json\/wp\/v2\/pages\/150","targetHints":{"allow":["GET"]}}],"collection":[{"href":"https:\/\/www.lescomediensdelagenetouze.fr\/index.php\/wp-json\/wp\/v2\/pages"}],"about":[{"href":"https:\/\/www.lescomediensdelagenetouze.fr\/index.php\/wp-json\/wp\/v2\/types\/page"}],"author":[{"embeddable":true,"href":"https:\/\/www.lescomediensdelagenetouze.fr\/index.php\/wp-json\/wp\/v2\/users\/1"}],"replies":[{"embeddable":true,"href":"https:\/\/www.lescomediensdelagenetouze.fr\/index.php\/wp-json\/wp\/v2\/comments?post=150"}],"version-history":[{"count":103,"href":"https:\/\/www.lescomediensdelagenetouze.fr\/index.php\/wp-json\/wp\/v2\/pages\/150\/revisions"}],"predecessor-version":[{"id":1098,"href":"https:\/\/www.lescomediensdelagenetouze.fr\/index.php\/wp-json\/wp\/v2\/pages\/150\/revisions\/1098"}],"wp:attachment":[{"href":"https:\/\/www.lescomediensdelagenetouze.fr\/index.php\/wp-json\/wp\/v2\/media?parent=150"}],"curies":[{"name":"wp","href":"https:\/\/api.w.org\/{rel}","templated":true}]}}